{"id":11527,"date":"2025-09-23T08:39:45","date_gmt":"2025-09-23T08:39:45","guid":{"rendered":"https:\/\/pepaubeda.net\/?post_type=articulo&#038;p=11527"},"modified":"2025-09-24T12:26:49","modified_gmt":"2025-09-24T12:26:49","slug":"els-teracapitalistes","status":"publish","type":"articulo","link":"https:\/\/pepaubeda.net\/ca\/articulo\/els-teracapitalistes\/","title":{"rendered":"ELS TERACAPITALISTES"},"content":{"rendered":"\n<p>ELS TERACAPITALISTES1<\/p>\n\n\n\n<p>Aquest article tamb\u00e9 apareix en la Revista Sa\u00f3: <a href=\"https:\/\/pepaubeda.net\/articulo\/los-teracapitalistas\/\">https:\/\/pepaubeda.net\/articulo\/los-teracapitalistas\/<\/a><\/p>\n\n\n\n<p>Terme que definiria el molt pocs m\u00e9s rics del planeta i, possiblement, els seus \u00fanics amos.<br>Quan els governs van intentar frenar la greu crisi provocada per la pand\u00e8mia, per a protegir les seues poblacions van decidir gravar amb impostos bancs i empreses energ\u00e8tiques. Tanmateix, se\u2019ls \u00abvan oblidar\u00bb les Big Tech2 \u2014aut\u00e8ntiques \u00abteracapitalistes\u00bb\u2014, perqu\u00e8 son els que m\u00e9s guanyen i menys impostos paguen, i han esdevingut un poder paral\u00b7lel superior a l\u2019estatal.<br>Segons l\u2019economista Thomas Piketty4, les directrius dels \u00abteracapitalistes\u00bb ens estan duent a un per\u00edode revolucionari. Ell parla de la Revoluci\u00f3 Francesa (1789)5. Jo preferiria parlar de per\u00edode pre-revolucionari franc\u00e8s i hi afegiria, a m\u00e9s a m\u00e9s, l\u2019etapa immediatament anterior a la Revoluci\u00f3 russa (1917)6.<br>La minoria de \u00abteracapitalistess\u00bb que controla el planeta es caracteritza per posseir empreses amb pocs treballadors mal pagats, evadir i eludir7 impostos, i esborrar la compet\u00e8ncia de la fa\u00e7 del capitalisme refor\u00e7ant monopolis8 i oligopolis. El seu esl\u00f2gan podria \u00e9sser \u00abfer-ho tot amb el menys possible, per\u00f2 rebent-ho tot a canvi\u00bb. Exemples coneguts: Apple, Uber, Airbnb, Amazon, Tesla, Facebook, Tik Tok, Instagram, X, Google\u2026I aquells dels quals desconeixem la seua identitat, que deuen ser, per cert, els m\u00e9s \u00abteracapitalistes\u00bb de tots.<br>Si els que m\u00e9s impostos haurien de pagar no ho fan perqu\u00e8 no volen i els qui els paguen deixen de fer-ho perqu\u00e8 els \u00abteracapitalistes\u00bb els exprimeixen com si d\u2019esclaus es tract\u00e9s i els han arru\u00efnat, podem donar per liquidats la col\u00b7laboraci\u00f3 social, la riquesa, el dest\u00ed com\u00fa, l\u2019Estat i l\u2019estat del benestar.<br>L\u2019origen de la creixent desigualtat planet\u00e0ria t\u00e9 ja 55 anys i \u00e9s deguda a l\u2019ascensi\u00f3 del neoliberalisme. Els seus \u00abcadells\u00bb \u2014els \u00abteracapitalistes\u00bb\u2014 paguen ja men\u00fas impostos que les classes treballadora i mitja des del 2020. I com volen pagar-ne encara menys, busquen el suport de la classe mitja per a mantenir els seus privilegis impositius. El mateix Elon Musk \u2014propietari de Tesla\u2014 va intentar espantar-la dient que, primer, anirien a pels \u00abteracapitalistes\u00bb (ell, per exemple) i, despr\u00e9s, a per ella9.<br>Recentment, el mateix Trump ha amena\u00e7at la CE10 que li augmentar\u00e0 encara m\u00e9s els aranzels si no li retira una multa de 3.000 milions de d\u00f2lars a Google per cometre un delicte de control.<\/p>\n\n\n\n<p>La vigil\u00e0ncia dels \u00abteracapitalistes\u00bb<br>George Orwell parlava d\u2019\u00abespionatge\u00bb en la seua novel\u00b7la, 1984. Hui veiem que es va quedar curt, encara que si visqu\u00e9s ara, parlaria de \u00abteracapitalisme vigilant\u00bb, l\u2019objectiu del qual \u00e9s l\u2019hegemonia total gr\u00e0cies al coneixement de la ciutadania i la seua \u00abmonetaritzaci\u00f311\u00bb.<br>La conseq\u00fc\u00e8ncia \u00e9s que la nostra vida queda redu\u00efda a una suma de dades que s\u2019utilitzaran per a dirigir el nostre comportament consumista, i Internet \u00e9s una de les seues vies m\u00e9s eficaces per a aconseguir-ho. Han establert aix\u00ed un sistema esclavista oposat a la democr\u00e0cia que ens considera esclaus a tots els \u00e9ssers humans, ja que controlar-nos i vigilar-nos ens converteix en els seus serfs.<\/p>\n\n\n\n<p>\u00abTeracapitalistes\u00bb versus \u00abcapitalistes paleol\u00edtics\u00bb<br>Els capitalistes d\u2019abans se\u2019ns apareixien com a homes grans \u2014mai dones\u2014 de gest antip\u00e0tic i missatges prohibitius.<br>Els \u00abteracapitalistes\u00bb es presenten com a joves d\u2019aspecte esportiu, roba informal i missatges idealistes, com el \u00abno siguis malvat\u00bb, de Google. Aparentment, tenien l\u2019aura del medi ambient, fins que s\u2019ha constatat que era pura escenografia o \u00absocietat de l\u2019espectacle12\u00bb. Tamb\u00e9 asseguraven encarnar un capitalisme hum\u00e0. Afirmaci\u00f3 doblement falsa, perqu\u00e8 no hi ha capitalisme hum\u00e0 i el que ells representen \u00e9s el m\u00e9s descarnat de tots, ja que ens \u00abvampiritzen\u00bb, sobretot als m\u00e9s joves. Ara b\u00e9, amb el pas del temps han perdut atractiu en caure\u2019ls la m\u00e0scara i deixar al descobert el seu aut\u00e8ntic rostre.<br>Les seues riqueses son tan elevades \u2014arriben a gastar m\u00e9s que un Estat\u2014, que s\u2019han fet incompatibles amb la democr\u00e0cia burgesa, ja que interfereixen en les lleis estatals per a imposar els seus objectius; fins i tot han posat en risc el capitalisme en ofegar la competitivitat. La seua lluita contra la compet\u00e8ncia devora tot el que apareix, si b\u00e9 ens ho oculten, i els Estats ja no poden frenar-los.<br>La seua ideologia es basa en Ayn Rand13 i Milton Friedman14 i un model de tots ells podria \u00e9sser Peter Thiel, cofundador del sistema de pagaments PayPal i membre del consell d\u2019administraci\u00f3 de Facebook: contracta pocs treballadors, contribueix a causes conservadores que legislen a favor del retallament d\u2019impostos als \u00abteracapitalistes\u00bb, condemna la compet\u00e8ncia perqu\u00e8 beneficia els consumidors, \u00e9s un dels suports m\u00e9s s\u00f2lids de Donald Trump, es defineix a ell mateix com a llibertari i assegura que llibertat i democr\u00e0cia son incompatibles.<\/p>\n\n\n\n<p>1 Neologisme propi amb el qual intento assenyalar que l\u2019acumulaci\u00f3 de riquesa en mans d\u2019un sector cada cop m\u00e9s redu\u00eft a nivell global supera el terme \u00abmegacapitalistes\u00bb de Peter Phillips i \u00abgigacapitalistes\u00bb de Riccardo Stagliano.<br>Tera- (s\u00edmbol: T) \u00e9s un prefix del sistema internacional d\u2019unitats que denota 10 12 , o 1 000 000 000 000 (1 mili\u00f3 de milions). Confirmat el 1960, prov\u00e9 del grec \u03c4\u03ad\u03c1\u03b1\u03c2, que significa monstre (Viquip\u00e8dia).<br>El terme \u00abmonstre\u00bb s\u2019adapta b\u00e9 als \u00abteracapitalistes\u00bb\u2026<\/p>\n\n\n\n<p>2 Terme col\u00b7lectiu per a les empreses tecnol\u00f2giques m\u00e9s grans i influents del m\u00f3n (Viquip\u00e8dia).<\/p>\n\n\n\n<p>3 L\u2019oligopoli implica que sols uns pocs competidors tenen capacitat per a influir en el mercat i, per tant, en el preu dels productes o dels serveis. Els seus productes son de pitjor qualitat i destrueixen la compet\u00e8ncia, base del capitalisme cl\u00e0ssic.<\/p>\n\n\n\n<p>4 Economista franc\u00e8s especialitzat en l\u2019estudi de la desigualtat econ\u00f2mica. Ha estat director d\u2019estudis de l\u2019Ecole des hautes \u00e9tudes en sciences sociales i \u00e9s president associat de l\u2019\u00c9cole d\u2019\u00e9conomie de Paris.<br>Considera que la desigualtat econ\u00f2mica \u00e9s un assumpte ideol\u00f2gic i pol\u00edtic que es pot canviar; per aix\u00f2 proposa solucions com pujar els impostos de la renda i del patrimoni, eliminar els impostos indirectes com l\u2019IVA, construir institucions internacionals que vetllen per una fiscalitat comuna a m\u00e9s d\u2019eliminar la lliure circulaci\u00f3 de capitals, un paper m\u00e9s determinant dels treballadors en la gesti\u00f3 i la propietat de las empreses i cedir 120.000 euros a cada jove que complesca 25 anys, a m\u00e9s d\u2019altres plantejaments. En s\u00edntesi: la seua obra advoca per un model basat en la propietat social i la descentralitzaci\u00f3 del poder (Viquip\u00e8dia).<\/p>\n\n\n\n<p>5 En s\u00edntesi, l\u2019origen de la Revoluci\u00f3 Francesa estaria en la manca de llibertats individuals, la pobresa extrema yi la desigualtat que existia a Fran\u00e7a i que es va aguditzar sota el regnat de Llu\u00eds XVI, l\u2019actitud del qual era tan desp\u00f2tica i il\u00b7limitada com la del clero i l\u2019aristocr\u00e0cia.<\/p>\n\n\n\n<p>6 En s\u00edntesi, va ser conseq\u00fc\u00e8ncia del malestar de la immensa majoria de la poblaci\u00f3 russa per les condicions de pobresa, autoritarisme i esclavatge en qu\u00e8 vivien sota el r\u00e8gim tsarista.<\/p>\n\n\n\n<p>7 L\u2019elusi\u00f3 fiscal consisteix a evitar o minimitzar el pagament d\u2019impostos per vies legals. Es tracta d\u2019una forma de planificaci\u00f3 fiscal agressiva aprofitant llacunes jur\u00eddiques que permeten l\u2019obtenci\u00f3 d\u2019avantatges no previstos por la normativa tribut\u00e0ria (Viquip\u00e8dia).<\/p>\n\n\n\n<p>8 Es dona quan una sola empresa t\u00e9 el control total d\u2019un producte o d\u2019un servei en el mercat, sense que hi haja compet\u00e8ncia, i, per tant, no existesquen altres opcions de compra per als consumidors (Viquip\u00e8dia).<\/p>\n\n\n\n<p>9 El text tamb\u00e9 va ser esmentat per l\u2019actual president de la patronal espanyola, Antonio Garamendi. Es tracta d\u2019un poema del pastor Niem\u00f6ller que Garamendi va atribuir err\u00f2niament a Bertolt Brecht.<\/p>\n\n\n\n<p>10 Comunitat Europea.<\/p>\n\n\n\n<p>11 Consisteix en l\u2019acci\u00f3 i l\u2019efecte de monetitzar.<br>El terme \u00abmonetitzar\u00bb significa \u00abdonar curs legal com a moneda a bitllets de banc o altres signes pecuniaris\u00bb i \u00abfer moneda\u00bb, encara que cada cop \u00e9s m\u00e9s freq\u00fcent veure-ho en not\u00edcies relacionades amb les noves tecnologies i les p\u00e0gines web amb el significat de \u00abconvertir un actiu en diners\u00bb (Viquip\u00e8dia). En aquest cas, l\u2019actiu seria el propi \u00e9sser hum\u00e0.<\/p>\n\n\n\n<p>12 Definici\u00f3 de Guy Debord.<\/p>\n\n\n\n<p>13 Escriptora de fullet\u00f3 que presentava l\u2019egoisme com a virtut i l\u2019altruisme com a pecat; detestava l\u2019estat de benestar i el consumisme.<\/p>\n\n\n\n<p>14 Influent economista de l\u2019Escola de Chicago (ultraneoliberal). Segons ell, l\u2019obligaci\u00f3 fonamental de tota empresa \u00e9s augmentar els seus beneficis.<\/p>\n","protected":false},"author":2,"featured_media":11523,"template":"","cat_blog":[145],"class_list":["post-11527","articulo","type-articulo","status-publish","has-post-thumbnail","hentry","cat_blog-economia-ca"],"acf":[],"yoast_head":"<!-- This site is optimized with the Yoast SEO plugin v25.4 - https:\/\/yoast.com\/wordpress\/plugins\/seo\/ -->\n<title>ELS TERACAPITALISTES - Pepa \u00dabeda | Escritora, locutora y artista<\/title>\n<meta name=\"robots\" content=\"index, follow, max-snippet:-1, max-image-preview:large, max-video-preview:-1\" \/>\n<link rel=\"canonical\" href=\"https:\/\/pepaubeda.net\/ca\/articulo\/els-teracapitalistes\/\" \/>\n<meta property=\"og:locale\" content=\"ca_ES\" \/>\n<meta property=\"og:type\" content=\"article\" \/>\n<meta property=\"og:title\" content=\"ELS TERACAPITALISTES - Pepa \u00dabeda | Escritora, locutora y artista\" \/>\n<meta property=\"og:description\" content=\"ELS TERACAPITALISTES1 Aquest article tamb\u00e9 apareix en la Revista Sa\u00f3: https:\/\/pepaubeda.net\/articulo\/los-teracapitalistas\/ Terme que definiria el molt pocs m\u00e9s rics del &hellip; Continued\" \/>\n<meta property=\"og:url\" content=\"https:\/\/pepaubeda.net\/ca\/articulo\/els-teracapitalistes\/\" \/>\n<meta property=\"og:site_name\" content=\"Pepa \u00dabeda | Escritora, locutora y artista\" \/>\n<meta property=\"article:modified_time\" content=\"2025-09-24T12:26:49+00:00\" \/>\n<meta property=\"og:image\" content=\"https:\/\/pepaubeda.net\/wp-content\/uploads\/imatge_els_teracapitalistes.jpg\" \/>\n\t<meta property=\"og:image:width\" content=\"2354\" \/>\n\t<meta property=\"og:image:height\" content=\"1609\" \/>\n\t<meta property=\"og:image:type\" content=\"image\/jpeg\" \/>\n<meta name=\"twitter:card\" content=\"summary_large_image\" \/>\n<meta name=\"twitter:label1\" content=\"Temps estimat de lectura\" \/>\n\t<meta name=\"twitter:data1\" content=\"7 minuts\" \/>\n<script type=\"application\/ld+json\" class=\"yoast-schema-graph\">{\"@context\":\"https:\/\/schema.org\",\"@graph\":[{\"@type\":\"WebPage\",\"@id\":\"https:\/\/pepaubeda.net\/ca\/articulo\/els-teracapitalistes\/\",\"url\":\"https:\/\/pepaubeda.net\/ca\/articulo\/els-teracapitalistes\/\",\"name\":\"ELS TERACAPITALISTES - Pepa \u00dabeda | Escritora, locutora y artista\",\"isPartOf\":{\"@id\":\"https:\/\/pepaubeda.net\/#website\"},\"primaryImageOfPage\":{\"@id\":\"https:\/\/pepaubeda.net\/ca\/articulo\/els-teracapitalistes\/#primaryimage\"},\"image\":{\"@id\":\"https:\/\/pepaubeda.net\/ca\/articulo\/els-teracapitalistes\/#primaryimage\"},\"thumbnailUrl\":\"https:\/\/pepaubeda.net\/wp-content\/uploads\/imatge_els_teracapitalistes.jpg\",\"datePublished\":\"2025-09-23T08:39:45+00:00\",\"dateModified\":\"2025-09-24T12:26:49+00:00\",\"breadcrumb\":{\"@id\":\"https:\/\/pepaubeda.net\/ca\/articulo\/els-teracapitalistes\/#breadcrumb\"},\"inLanguage\":\"ca\",\"potentialAction\":[{\"@type\":\"ReadAction\",\"target\":[\"https:\/\/pepaubeda.net\/ca\/articulo\/els-teracapitalistes\/\"]}]},{\"@type\":\"ImageObject\",\"inLanguage\":\"ca\",\"@id\":\"https:\/\/pepaubeda.net\/ca\/articulo\/els-teracapitalistes\/#primaryimage\",\"url\":\"https:\/\/pepaubeda.net\/wp-content\/uploads\/imatge_els_teracapitalistes.jpg\",\"contentUrl\":\"https:\/\/pepaubeda.net\/wp-content\/uploads\/imatge_els_teracapitalistes.jpg\",\"width\":2354,\"height\":1609},{\"@type\":\"BreadcrumbList\",\"@id\":\"https:\/\/pepaubeda.net\/ca\/articulo\/els-teracapitalistes\/#breadcrumb\",\"itemListElement\":[{\"@type\":\"ListItem\",\"position\":1,\"name\":\"Post\",\"item\":\"https:\/\/pepaubeda.net\/articulo\/\"},{\"@type\":\"ListItem\",\"position\":2,\"name\":\"ELS TERACAPITALISTES\"}]},{\"@type\":\"WebSite\",\"@id\":\"https:\/\/pepaubeda.net\/#website\",\"url\":\"https:\/\/pepaubeda.net\/\",\"name\":\"Pepa \u00dabeda | Escritora, locutora y artista\",\"description\":\"Pepa \u00dabeda | Escritora, locutora y artista\",\"potentialAction\":[{\"@type\":\"SearchAction\",\"target\":{\"@type\":\"EntryPoint\",\"urlTemplate\":\"https:\/\/pepaubeda.net\/?s={search_term_string}\"},\"query-input\":{\"@type\":\"PropertyValueSpecification\",\"valueRequired\":true,\"valueName\":\"search_term_string\"}}],\"inLanguage\":\"ca\"}]}<\/script>\n<!-- \/ Yoast SEO plugin. -->","yoast_head_json":{"title":"ELS TERACAPITALISTES - Pepa \u00dabeda | Escritora, locutora y artista","robots":{"index":"index","follow":"follow","max-snippet":"max-snippet:-1","max-image-preview":"max-image-preview:large","max-video-preview":"max-video-preview:-1"},"canonical":"https:\/\/pepaubeda.net\/ca\/articulo\/els-teracapitalistes\/","og_locale":"ca_ES","og_type":"article","og_title":"ELS TERACAPITALISTES - Pepa \u00dabeda | Escritora, locutora y artista","og_description":"ELS TERACAPITALISTES1 Aquest article tamb\u00e9 apareix en la Revista Sa\u00f3: https:\/\/pepaubeda.net\/articulo\/los-teracapitalistas\/ Terme que definiria el molt pocs m\u00e9s rics del &hellip; Continued","og_url":"https:\/\/pepaubeda.net\/ca\/articulo\/els-teracapitalistes\/","og_site_name":"Pepa \u00dabeda | Escritora, locutora y artista","article_modified_time":"2025-09-24T12:26:49+00:00","og_image":[{"width":2354,"height":1609,"url":"https:\/\/pepaubeda.net\/wp-content\/uploads\/imatge_els_teracapitalistes.jpg","type":"image\/jpeg"}],"twitter_card":"summary_large_image","twitter_misc":{"Temps estimat de lectura":"7 minuts"},"schema":{"@context":"https:\/\/schema.org","@graph":[{"@type":"WebPage","@id":"https:\/\/pepaubeda.net\/ca\/articulo\/els-teracapitalistes\/","url":"https:\/\/pepaubeda.net\/ca\/articulo\/els-teracapitalistes\/","name":"ELS TERACAPITALISTES - Pepa \u00dabeda | Escritora, locutora y artista","isPartOf":{"@id":"https:\/\/pepaubeda.net\/#website"},"primaryImageOfPage":{"@id":"https:\/\/pepaubeda.net\/ca\/articulo\/els-teracapitalistes\/#primaryimage"},"image":{"@id":"https:\/\/pepaubeda.net\/ca\/articulo\/els-teracapitalistes\/#primaryimage"},"thumbnailUrl":"https:\/\/pepaubeda.net\/wp-content\/uploads\/imatge_els_teracapitalistes.jpg","datePublished":"2025-09-23T08:39:45+00:00","dateModified":"2025-09-24T12:26:49+00:00","breadcrumb":{"@id":"https:\/\/pepaubeda.net\/ca\/articulo\/els-teracapitalistes\/#breadcrumb"},"inLanguage":"ca","potentialAction":[{"@type":"ReadAction","target":["https:\/\/pepaubeda.net\/ca\/articulo\/els-teracapitalistes\/"]}]},{"@type":"ImageObject","inLanguage":"ca","@id":"https:\/\/pepaubeda.net\/ca\/articulo\/els-teracapitalistes\/#primaryimage","url":"https:\/\/pepaubeda.net\/wp-content\/uploads\/imatge_els_teracapitalistes.jpg","contentUrl":"https:\/\/pepaubeda.net\/wp-content\/uploads\/imatge_els_teracapitalistes.jpg","width":2354,"height":1609},{"@type":"BreadcrumbList","@id":"https:\/\/pepaubeda.net\/ca\/articulo\/els-teracapitalistes\/#breadcrumb","itemListElement":[{"@type":"ListItem","position":1,"name":"Post","item":"https:\/\/pepaubeda.net\/articulo\/"},{"@type":"ListItem","position":2,"name":"ELS TERACAPITALISTES"}]},{"@type":"WebSite","@id":"https:\/\/pepaubeda.net\/#website","url":"https:\/\/pepaubeda.net\/","name":"Pepa \u00dabeda | Escritora, locutora y artista","description":"Pepa \u00dabeda | Escritora, locutora y artista","potentialAction":[{"@type":"SearchAction","target":{"@type":"EntryPoint","urlTemplate":"https:\/\/pepaubeda.net\/?s={search_term_string}"},"query-input":{"@type":"PropertyValueSpecification","valueRequired":true,"valueName":"search_term_string"}}],"inLanguage":"ca"}]}},"_links":{"self":[{"href":"https:\/\/pepaubeda.net\/ca\/wp-json\/wp\/v2\/articulo\/11527","targetHints":{"allow":["GET"]}}],"collection":[{"href":"https:\/\/pepaubeda.net\/ca\/wp-json\/wp\/v2\/articulo"}],"about":[{"href":"https:\/\/pepaubeda.net\/ca\/wp-json\/wp\/v2\/types\/articulo"}],"author":[{"embeddable":true,"href":"https:\/\/pepaubeda.net\/ca\/wp-json\/wp\/v2\/users\/2"}],"version-history":[{"count":2,"href":"https:\/\/pepaubeda.net\/ca\/wp-json\/wp\/v2\/articulo\/11527\/revisions"}],"predecessor-version":[{"id":11531,"href":"https:\/\/pepaubeda.net\/ca\/wp-json\/wp\/v2\/articulo\/11527\/revisions\/11531"}],"wp:featuredmedia":[{"embeddable":true,"href":"https:\/\/pepaubeda.net\/ca\/wp-json\/wp\/v2\/media\/11523"}],"wp:attachment":[{"href":"https:\/\/pepaubeda.net\/ca\/wp-json\/wp\/v2\/media?parent=11527"}],"wp:term":[{"taxonomy":"cat_blog","embeddable":true,"href":"https:\/\/pepaubeda.net\/ca\/wp-json\/wp\/v2\/cat_blog?post=11527"}],"curies":[{"name":"wp","href":"https:\/\/api.w.org\/{rel}","templated":true}]}}